{"id":61,"date":"2018-05-01T22:40:54","date_gmt":"2018-05-01T22:40:54","guid":{"rendered":"http:\/\/www.danatal.com\/site\/?page_id=61"},"modified":"2025-07-29T08:18:56","modified_gmt":"2025-07-29T13:18:56","slug":"nosotras","status":"publish","type":"page","link":"https:\/\/www.danatal.com\/site\/nosotras\/","title":{"rendered":"Nosotras"},"content":{"rendered":"<h2>Quienes somos<\/h2>\n<p>\t\t\t\t\t\t\t\t\t\t\t\t\t\t\t<img width=\"768\" height=\"512\" src=\"https:\/\/www.danatal.com\/site\/wp-content\/uploads\/2025\/07\/Sesion-Danatal-agosto-202400040-1536x1024.jpg\" alt=\"\" loading=\"lazy\" srcset=\"https:\/\/www.danatal.com\/site\/wp-content\/uploads\/2025\/07\/Sesion-Danatal-agosto-202400040-1536x1024.jpg 1536w, https:\/\/www.danatal.com\/site\/wp-content\/uploads\/2025\/07\/Sesion-Danatal-agosto-202400040-300x200.jpg 300w, https:\/\/www.danatal.com\/site\/wp-content\/uploads\/2025\/07\/Sesion-Danatal-agosto-202400040-1024x683.jpg 1024w, https:\/\/www.danatal.com\/site\/wp-content\/uploads\/2025\/07\/Sesion-Danatal-agosto-202400040-768x512.jpg 768w, https:\/\/www.danatal.com\/site\/wp-content\/uploads\/2025\/07\/Sesion-Danatal-agosto-202400040-2048x1365.jpg 2048w, https:\/\/www.danatal.com\/site\/wp-content\/uploads\/2025\/07\/Sesion-Danatal-agosto-202400040-600x400.jpg 600w\" sizes=\"(max-width: 768px) 100vw, 768px\" \/>\t\t\t\t\t\t\t\t\t\t\t\t\t\t\t<\/p>\n<p>Fabiola y Diana forman un equipo de profesionales apasionadas por el embarazo, el parto, posparto, lactancia y mucho mas.<\/p>\n<p>&nbsp;&#8220;Nos dedicamos a brindar toda la informaci\u00f3n que necesitan, confiable y basada en la evidencia mas actualizada, para que cada mam\u00e1 o pareja puedan construir y disfrutar una experiencia \u00fanica, y la vivan de una manera saludable segura y plena&#8221;.<\/p>\n<h2>mas sobre nosotras&#8230;<\/h2>\n<h2>Dra. Diana Villa Schefer<\/h2>\n<h4>\n<p>Fundadora, docente y doula de parto<br \/><\/h4>\n<p>\t\t\t\t\t\t\t\t\t\t\t\t\t\t\t<img width=\"768\" height=\"666\" src=\"https:\/\/www.danatal.com\/site\/wp-content\/uploads\/2018\/06\/fotodiana-1024x888.jpg\" alt=\"\" loading=\"lazy\" srcset=\"https:\/\/www.danatal.com\/site\/wp-content\/uploads\/2018\/06\/fotodiana-1024x888.jpg 1024w, https:\/\/www.danatal.com\/site\/wp-content\/uploads\/2018\/06\/fotodiana-600x520.jpg 600w, https:\/\/www.danatal.com\/site\/wp-content\/uploads\/2018\/06\/fotodiana-300x260.jpg 300w, https:\/\/www.danatal.com\/site\/wp-content\/uploads\/2018\/06\/fotodiana-768x666.jpg 768w, https:\/\/www.danatal.com\/site\/wp-content\/uploads\/2018\/06\/fotodiana-1080x936.jpg 1080w\" sizes=\"(max-width: 768px) 100vw, 768px\" \/>\t\t\t\t\t\t\t\t\t\t\t\t\t\t\t<\/p>\n<p>Soy\u00a0M\u00e9dica Cirujana Partera, egresada de la universidad de guadalajara, estudi\u00e9 la \u00a0Especialidad en Educaci\u00f3n Perinatal en la Universidad An\u00e1huac en M\u00e9xico\u00a0avalada por\u00a0LAMAZE y Dona International y\u00a0tengo\u00a0una\u00a0certificaci\u00f3n de Waterbith International\u00a0as\u00ed como una certificaci\u00f3n como instructora de\u00a0Hatha Yoga\u00a0en un programa reconocido por la Yoga Alliance. (Casa Yoga- Lunananda)\u00a0.<\/p>\n<p>\u00a0<\/p>\n<p>Mi experiencia como m\u00e9dica me ense\u00f1\u00f3 la importancia y urgencia que existen que\u00a0el embarazo y el parto fueran vistos como un proceso natural, \u00edntimo y sagrado. Por esa raz\u00f3n\u00a0fund\u00e9 \u00a0Danatal en 2010, en donde tengo la oportunidad de informar y acompa\u00f1ar a las futuras madres y padres para que vivan un proceso de maternidad armonioso y consciente. Adem\u00e1s de impartir clases de preparaci\u00f3n al parto, me desempe\u00f1o como doula y he tenido la oportunidad de apoyar y ser testigo de las habilidades naturales que tiene la mujer para parir. \u00a0A lo largo de estos \u00a0a\u00f1os, he acompa\u00f1ado a m\u00e1s de 4000 parejas en su proceso de preparaci\u00f3n para el parto, y m\u00e1s de 1000 partos normales! Ser Doula y acompa\u00f1ar a las parejas en este bello y complejo proceso es mi m\u00e1s grande pasi\u00f3n.<\/p>\n<p>\u00a0<\/p>\n<h2 style=\"font-weight: 200; line-height: 60px; font-size: 40px; color: #886dac; font-family: Quiche, sans-serif; letter-spacing: normal;\" data-elementor-setting-key=\"title\" data-pen-placeholder=\"Teclea aqu\u00ed...\">Formaci\u00f3n:<\/h2>\n<ul>\n<li>M\u00e9dico Cirujano Partero por la <a href=\"https:\/\/www.udg.mx\/\">Universidad de Guadalajara<\/a><\/li>\n<li><a href=\"https:\/\/www.lamaze.org\/\">Lamaze<\/a>\u00a0Certified Childbirth Educator (2018)\u00a0<\/li>\n<li>Prenatal Yoga Teacher Training con Rena Wren,\u00a0<a href=\"https:\/\/mamanurture.ca\/\">MamaNurture<\/a>\u00a0\u00a0(2020)<\/li>\n<li>Taller de formaci\u00f3n para Doulas de Parto avalado por\u00a0<a href=\"https:\/\/www.dona.org\/\">DONA International<\/a>\u00a0(Doulas of North America)(2012 y 2017)<\/li>\n<li>Taller de formaci\u00f3n para asesoras de Lactancia &#8220;Banco de leche&#8221; con Cristina S\u00e1nchez<a href=\"https:\/\/celacma.com\/\">\u00a0CELACMA<\/a>\u00a0(2017)<\/li>\n<li>Formaci\u00f3n Educaci\u00f3n para la Lactancia\u00a0<a href=\"https:\/\/www.aprolam.mx\/\">CAALMA<\/a>\u00a02015\u00a0<\/li>\n<li>Especialidad en Educaci\u00f3n Perinatal <a href=\"https:\/\/mexico.anahuac.mx\/licenciaturas\/global-management?hsLang=es-mx&amp;utm_term=anahuac%20university&amp;utm_campaign=Global+Management+-+search&amp;utm_source=adwords&amp;utm_medium=ppc&amp;hsa_acc=6866805676&amp;hsa_cam=16454148702&amp;hsa_grp=130937975941&amp;hsa_ad=585566299156&amp;hsa_src=g&amp;hsa_tgt=kwd-1637869788690&amp;hsa_kw=anahuac%20university&amp;hsa_mt=b&amp;hsa_net=adwords&amp;hsa_ver=3&amp;gclid=Cj0KCQjwz7uRBhDRARIsAFqjullCcYrGxBGBuwpX4LaDBArozuBwSrHzw8JEy5ZLZcja5OjL-RPJp20aAoxWEALw_wcB\">Universidad An\u00e1huac<\/a>\u00a02015<\/li>\n<li>Certificaci\u00f3n\u00a0<a href=\"https:\/\/waterbirth.org\/\">Waterbirth International<\/a>, por Barbara Harper, 2012\u00a0<\/li>\n<li>Formaci\u00f3n para Profesores de Hatha Yoga, Casa Yoga &amp; Luna Ananda, programa avalado por\u00a0<a href=\"https:\/\/www.yogaalliance.org\/\">Yoga Alliance<\/a>, 2009- 2013. Profesoras\u00a0<a href=\"https:\/\/vitalidadsomatica.com\/\">Yoga enfoque Som\u00e1tico<\/a>\u00a0Rosemary Atri e Ivana Sejenovich. Profesoras Hatha Yoga Marisol Gomez Alvarez, Leticia Trejo Escobar.\u00a0<\/li>\n<li>Curso de Educaci\u00f3n Perinatal,\u00a0<a href=\"http:\/\/www.proyectomama.com.ar\/\">Proyecto Mam\u00e1<\/a>, Buenos Aires 2010<\/li>\n<li>\u00a0Curso de rehabilitaci\u00f3n de suelo p\u00e9lvico, <a href=\"https:\/\/www.ufv.es\/\">UFV Madrid<\/a><\/li>\n<li>Maestr\u00eda en Sexualidad generaci\u00f3n 2022-2024 en\u00a0<a href=\"http:\/\/www.ceassjalisco.com\/ceass\/\">CEASS Jalisco<\/a><\/li>\n<li>Maestrante de maestr\u00eda Terapia sexual y de pareja \u00a0AMIR 2024 a la fecha.\u00a0<\/li>\n<\/ul>\n<h2>Mtra. Fabiola Villa Schefer<\/h2>\n<h4>Directora y Docente<\/h4>\n<p>\t\t\t\t\t\t\t\t\t\t\t\t\t\t\t<img width=\"768\" height=\"686\" src=\"https:\/\/www.danatal.com\/site\/wp-content\/uploads\/2018\/06\/fabidanatalbyn-1024x914.jpg\" alt=\"\" loading=\"lazy\" srcset=\"https:\/\/www.danatal.com\/site\/wp-content\/uploads\/2018\/06\/fabidanatalbyn-1024x914.jpg 1024w, https:\/\/www.danatal.com\/site\/wp-content\/uploads\/2018\/06\/fabidanatalbyn-600x535.jpg 600w, https:\/\/www.danatal.com\/site\/wp-content\/uploads\/2018\/06\/fabidanatalbyn-300x268.jpg 300w, https:\/\/www.danatal.com\/site\/wp-content\/uploads\/2018\/06\/fabidanatalbyn-768x685.jpg 768w, https:\/\/www.danatal.com\/site\/wp-content\/uploads\/2018\/06\/fabidanatalbyn-1080x964.jpg 1080w\" sizes=\"(max-width: 768px) 100vw, 768px\" \/>\t\t\t\t\t\t\t\t\t\t\t\t\t\t\t<\/p>\n<p>Soy\u00a0Doula, Educadora Perinatal, psicoterapeuta\u00a0y\u00a0Maestra en estudios psicoanal\u00edticos, especializada en el temas de maternidad, lactancia y postparto.<\/p>\n<p>Estoy adem\u00e1s certificada como Educadora Perinatal\u00a0(Proyecto Mam\u00e1 Buenos Aires 2010) (CAPPA International 2012) (Lamaze Inernational 2018)<\/p>\n<p>Desde m\u00e1s de una d\u00e9cada\u00a0me dedico a dise\u00f1ar programas de educaci\u00f3n y acompa\u00f1ar a futuras\/nuevas mam\u00e1s y pap\u00e1s en el tan complejo, pero maravilloso mundo del embarazo, el nacimiento, el postparto y los primeros pasitos de la crianza. Adem\u00e1s de\u00a0Educadora Perinatal tengo una formaci\u00f3n como maestra en Hatha Yoga\u00a0y he tomado certificaciones como maestra de Yoga Prenatal avaladas por <a href=\"https:\/\/www.yogaalliance.org\/\">Yoga Alliance<\/a>. La Yoga acompa\u00f1a mi vida desde hace m\u00e1s de 20 a\u00f1os y he encontrado en ella un veh\u00edculo maravilloso no solamente para mi salud f\u00edsica sino para conocer y confiar en la inteligencia inherente a mi cuerpo y a mis sensaciones.\u00a0He observado que cuando las mujeres se relacionan sabiamente consigo mismas, tienen gestaciones, partos y maternidades m\u00e1s plenas y me encanta llevar, cuando es posible, esta consciencia a ellas y a sus acompa\u00f1antes.\u00a0Danatal es y ha sido un veh\u00edculo maravilloso para transformar mi vida y la vida de otros.<\/p>\n<h2 style=\"font-weight: 200; line-height: 60px; font-size: 40px; color: #886dac; font-family: Quiche, sans-serif; letter-spacing: normal;\" data-elementor-setting-key=\"title\" data-pen-placeholder=\"Teclea aqu\u00ed...\">Formaci\u00f3n:<\/h2>\n<ul>\n<li>Maestr\u00eda en <a href=\"http:\/\/www.espaciopsicoanalitico.mx\/\">Estudios Psicoanal\u00edticos<\/a> (2013-2016)<\/li>\n<li><a href=\"https:\/\/www.lamaze.org\/\">Lamaze<\/a> Certified Childbirth Educator (2018)\u00a0<\/li>\n<li>Prenatal Yoga Teacher Training con Rena Wren, <a href=\"https:\/\/mamanurture.ca\/\">MamaNurture<\/a> \u00a0(2020)<\/li>\n<li>Taller de formaci\u00f3n para Doulas de Parto avalado por <a href=\"https:\/\/www.dona.org\/\">DONA International<\/a>\u00a0(Doulas of North America) (2012 y 2017)<\/li>\n<li>Taller de formaci\u00f3n para asesoras de Lactancia &#8220;Banco de leche&#8221; con Cristina S\u00e1nchez<a href=\"https:\/\/celacma.com\/\"> CELACMA<\/a> (2017)<\/li>\n<li>Formaci\u00f3n Educaci\u00f3n para la Lactancia <a href=\"https:\/\/www.aprolam.mx\/\">CAALMA<\/a> 2015\u00a0<\/li>\n<li>Formaci\u00f3n en Psicolog\u00eda del Postparto por Ibone Olza, <a href=\"https:\/\/saludmentalperinatal.es\/\">Instituto Europeo de Salud Mental Perinatal<\/a><\/li>\n<li>Certificaci\u00f3n m\u00e9todo de <a href=\"https:\/\/www.spinningbabies.com\/\">Spinning Babies<\/a> impartida por Lorenza Holt, 2015\u00a0<\/li>\n<li>Certificaci\u00f3n Educadora de Parto, <a href=\"https:\/\/cappa.net\/\">Childbirth and Postpartum Professional Association<\/a>, 2012\u00a0<\/li>\n<li>Certificaci\u00f3n <a href=\"https:\/\/waterbirth.org\/\">Waterbirth International<\/a>, por Barbara Harper, 2012\u00a0<\/li>\n<li>Formaci\u00f3n para Profesores de Hatha Yoga, Casa Yoga &amp; Luna Ananda, programa avalado por <a href=\"https:\/\/www.yogaalliance.org\/\">Yoga Alliance<\/a>, 2009- 2013. Profesoras <a href=\"https:\/\/vitalidadsomatica.com\/\">Yoga enfoque Som\u00e1tico<\/a> Rosemary Atri e Ivana Sejenovich. Profesoras Hatha Yoga Marisol Gomez Alvarez, Leticia Trejo Escobar.\u00a0<\/li>\n<li>Curso de Educaci\u00f3n Perinatal, <a href=\"http:\/\/www.proyectomama.com.ar\/\">Proyecto Mam\u00e1<\/a>, Buenos Aires 2010<\/li>\n<li>Formaci\u00f3n en Pedagog\u00eda y Comunicaci\u00f3n Perinatal <a href=\"https:\/\/previdafoundation.com\/jenny-kozlow-method\/\">m\u00e9todo Jenny Koslow fundaci\u00f3n Previda<\/a> (2022)<\/li>\n<\/ul>\n<p>\u00a0<\/p>\n<p>Adem\u00e1s he asistido a un sinf\u00edn de talleres interesant\u00edsimos de educaci\u00f3n y actualizaci\u00f3n en temas de parto, lactancia y postparto, como los talleres de Carlos Gonz\u00e1lez y la psicoanalista Laura Gutman, la maravillosa Cathy Urroz l\u00edder de <a href=\"https:\/\/laligadelaleche.org.mx\/\">la Liga de la Leche<\/a>, las parteras Gail Tully y <a href=\"http:\/\/www.glorialemay.com\/\">Gloria Lemay<\/a> en\u00a0 sus talleres de introducci\u00f3n a la parter\u00eda, y cada vez que puedo me inscribo a distintas actividades que puedan enriquecer mi actividad como acompa\u00f1ante a la maternidad.<\/p>\n<p>\t\t\t\t\t\t\t\t\t\t\t\t\t\t\t<img width=\"300\" height=\"300\" src=\"https:\/\/www.danatal.com\/site\/wp-content\/uploads\/2025\/07\/Danatal_LogotipoCompleto_EducacionPerinatal-03-1-2-300x300.png\" alt=\"\" loading=\"lazy\" srcset=\"https:\/\/www.danatal.com\/site\/wp-content\/uploads\/2025\/07\/Danatal_LogotipoCompleto_EducacionPerinatal-03-1-2-300x300.png 300w, https:\/\/www.danatal.com\/site\/wp-content\/uploads\/2025\/07\/Danatal_LogotipoCompleto_EducacionPerinatal-03-1-2-1024x1024.png 1024w, https:\/\/www.danatal.com\/site\/wp-content\/uploads\/2025\/07\/Danatal_LogotipoCompleto_EducacionPerinatal-03-1-2-150x150.png 150w, https:\/\/www.danatal.com\/site\/wp-content\/uploads\/2025\/07\/Danatal_LogotipoCompleto_EducacionPerinatal-03-1-2-768x768.png 768w, https:\/\/www.danatal.com\/site\/wp-content\/uploads\/2025\/07\/Danatal_LogotipoCompleto_EducacionPerinatal-03-1-2-1536x1536.png 1536w, https:\/\/www.danatal.com\/site\/wp-content\/uploads\/2025\/07\/Danatal_LogotipoCompleto_EducacionPerinatal-03-1-2-600x600.png 600w, https:\/\/www.danatal.com\/site\/wp-content\/uploads\/2025\/07\/Danatal_LogotipoCompleto_EducacionPerinatal-03-1-2-100x100.png 100w, https:\/\/www.danatal.com\/site\/wp-content\/uploads\/2025\/07\/Danatal_LogotipoCompleto_EducacionPerinatal-03-1-2.png 1772w\" sizes=\"(max-width: 300px) 100vw, 300px\" \/>\t\t\t\t\t\t\t\t\t\t\t\t\t\t\t<\/p>\n<p style=\"text-align: center;\"><a href=\"https:\/\/mkt.danatal.com\/politica-de-privacidad\">Pol\u00edtica de Privacidad<\/a> | <a href=\"https:\/\/mkt.danatal.com\/terminos-y-condiciones\">T\u00e9rminos y Condiciones<\/a> | <a href=\"https:\/\/mkt.danatal.com\/politicas-de-cookies\">Cookies<\/a><\/p>\n<p>\t\t\t\t\t\t\t\t\t\t\t\t\t\t\t<img width=\"263\" height=\"36\" src=\"https:\/\/www.danatal.com\/site\/wp-content\/uploads\/2021\/11\/metodos-de-pago-danatal.png\" alt=\"\" loading=\"lazy\" \/><br \/>\n\t\tHecho con amor por <a href=\"https:\/\/www.webstyle.mx\/\" target=\"_blank\" rel=\"noopener\" style=\"color:#806da9;\">Webstyle<\/a><\/p>\n","protected":false},"excerpt":{"rendered":"<p>Quienes somos Fabiola y Diana forman un equipo de profesionales apasionadas por el embarazo, el parto, posparto, lactancia y mucho mas. &nbsp;&#8220;Nos dedicamos a brindar toda la informaci\u00f3n que necesitan, confiable y basada en la evidencia mas actualizada, para que cada mam\u00e1 o pareja puedan construir y disfrutar una experiencia \u00fanica, y la vivan de [&hellip;]<\/p>\n","protected":false},"author":1,"featured_media":0,"parent":0,"menu_order":0,"comment_status":"closed","ping_status":"closed","template":"elementor_header_footer","meta":[],"aioseo_notices":[],"_links":{"self":[{"href":"https:\/\/www.danatal.com\/site\/wp-json\/wp\/v2\/pages\/61"}],"collection":[{"href":"https:\/\/www.danatal.com\/site\/wp-json\/wp\/v2\/pages"}],"about":[{"href":"https:\/\/www.danatal.com\/site\/wp-json\/wp\/v2\/types\/page"}],"author":[{"embeddable":true,"href":"https:\/\/www.danatal.com\/site\/wp-json\/wp\/v2\/users\/1"}],"replies":[{"embeddable":true,"href":"https:\/\/www.danatal.com\/site\/wp-json\/wp\/v2\/comments?post=61"}],"version-history":[{"count":174,"href":"https:\/\/www.danatal.com\/site\/wp-json\/wp\/v2\/pages\/61\/revisions"}],"predecessor-version":[{"id":4508,"href":"https:\/\/www.danatal.com\/site\/wp-json\/wp\/v2\/pages\/61\/revisions\/4508"}],"wp:attachment":[{"href":"https:\/\/www.danatal.com\/site\/wp-json\/wp\/v2\/media?parent=61"}],"curies":[{"name":"wp","href":"https:\/\/api.w.org\/{rel}","templated":true}]}}