{"id":67,"date":"2018-05-01T22:44:06","date_gmt":"2018-05-01T22:44:06","guid":{"rendered":"http:\/\/www.danatal.com\/site\/?page_id=67"},"modified":"2023-10-02T20:10:44","modified_gmt":"2023-10-03T01:10:44","slug":"blog","status":"publish","type":"page","link":"https:\/\/www.danatal.com\/site\/blog\/","title":{"rendered":"Blog"},"content":{"rendered":"<h2>Blog<\/h2>\n<article data-id=\"1720\">\n            <a href=\"https:\/\/www.danatal.com\/site\/2020\/10\/12\/alternativas-naturales-para-inducir-el-trabajo-de-parto\/\"><\/a><br \/>\n                <img width=\"300\" height=\"199\" src=\"https:\/\/www.danatal.com\/site\/wp-content\/uploads\/2019\/10\/Captura-de-pantalla-2019-10-31-a-las-16.08.40-300x199.png\" alt=\"\" loading=\"lazy\" srcset=\"https:\/\/www.danatal.com\/site\/wp-content\/uploads\/2019\/10\/Captura-de-pantalla-2019-10-31-a-las-16.08.40-300x199.png 300w, https:\/\/www.danatal.com\/site\/wp-content\/uploads\/2019\/10\/Captura-de-pantalla-2019-10-31-a-las-16.08.40-600x398.png 600w, https:\/\/www.danatal.com\/site\/wp-content\/uploads\/2019\/10\/Captura-de-pantalla-2019-10-31-a-las-16.08.40-768x509.png 768w, https:\/\/www.danatal.com\/site\/wp-content\/uploads\/2019\/10\/Captura-de-pantalla-2019-10-31-a-las-16.08.40-480x318.png 480w, https:\/\/www.danatal.com\/site\/wp-content\/uploads\/2019\/10\/Captura-de-pantalla-2019-10-31-a-las-16.08.40.png 857w\" sizes=\"(max-width: 300px) 100vw, 300px\" \/><\/p>\n<header>\n<h2><a\n                        href=\"https:\/\/www.danatal.com\/site\/2020\/10\/12\/alternativas-naturales-para-inducir-el-trabajo-de-parto\/\"\n                        title=\"Alternativas naturales para inducir el trabajo de parto\">Alternativas naturales para inducir el trabajo de parto<\/a><\/h2>\n<\/header>\n<p>*No todas estas t\u00e9cnicas est\u00e1n comprobadas cient\u00edficamente. Este mailing es&#8230;<\/p>\n<p><a\n                            href=\"https:\/\/www.danatal.com\/site\/2020\/10\/12\/alternativas-naturales-para-inducir-el-trabajo-de-parto\/\"\n                           >Leer M\u00e1s<\/a><br \/>\n    <\/article>\n<article data-id=\"1480\">\n            <a href=\"https:\/\/www.danatal.com\/site\/2020\/08\/11\/conociendo-la-maternidad\/\"><\/a><br \/>\n                <img width=\"225\" height=\"300\" src=\"https:\/\/www.danatal.com\/site\/wp-content\/uploads\/2020\/08\/e44cf525-26ec-4b3a-9238-1b23c9481c99-225x300.jpg\" alt=\"\" loading=\"lazy\" srcset=\"https:\/\/www.danatal.com\/site\/wp-content\/uploads\/2020\/08\/e44cf525-26ec-4b3a-9238-1b23c9481c99-225x300.jpg 225w, https:\/\/www.danatal.com\/site\/wp-content\/uploads\/2020\/08\/e44cf525-26ec-4b3a-9238-1b23c9481c99-600x800.jpg 600w, https:\/\/www.danatal.com\/site\/wp-content\/uploads\/2020\/08\/e44cf525-26ec-4b3a-9238-1b23c9481c99-768x1024.jpg 768w, https:\/\/www.danatal.com\/site\/wp-content\/uploads\/2020\/08\/e44cf525-26ec-4b3a-9238-1b23c9481c99-480x640.jpg 480w, https:\/\/www.danatal.com\/site\/wp-content\/uploads\/2020\/08\/e44cf525-26ec-4b3a-9238-1b23c9481c99.jpg 960w\" sizes=\"(max-width: 225px) 100vw, 225px\" \/><\/p>\n<header>\n<h2><a\n                        href=\"https:\/\/www.danatal.com\/site\/2020\/08\/11\/conociendo-la-maternidad\/\"\n                        title=\"Conociendo la maternidad\">Conociendo la maternidad<\/a><\/h2>\n<\/header>\n<p>A eso de los 20 d\u00edas que tuve a Ananda,&#8230;<\/p>\n<p><a\n                            href=\"https:\/\/www.danatal.com\/site\/2020\/08\/11\/conociendo-la-maternidad\/\"\n                           >Leer M\u00e1s<\/a><br \/>\n    <\/article>\n<article data-id=\"1383\">\n            <a href=\"https:\/\/www.danatal.com\/site\/2020\/05\/15\/yoga-prenatal-en-linea\/\"><\/a><br \/>\n                <img width=\"300\" height=\"300\" src=\"https:\/\/www.danatal.com\/site\/wp-content\/uploads\/2021\/11\/DANATAL_Maternidadconsiente-2-300x300.jpg\" alt=\"\" loading=\"lazy\" srcset=\"https:\/\/www.danatal.com\/site\/wp-content\/uploads\/2021\/11\/DANATAL_Maternidadconsiente-2-300x300.jpg 300w, https:\/\/www.danatal.com\/site\/wp-content\/uploads\/2021\/11\/DANATAL_Maternidadconsiente-2-100x100.jpg 100w, https:\/\/www.danatal.com\/site\/wp-content\/uploads\/2021\/11\/DANATAL_Maternidadconsiente-2-150x150.jpg 150w, https:\/\/www.danatal.com\/site\/wp-content\/uploads\/2021\/11\/DANATAL_Maternidadconsiente-2.jpg 404w\" sizes=\"(max-width: 300px) 100vw, 300px\" \/><\/p>\n<header>\n<h2><a\n                        href=\"https:\/\/www.danatal.com\/site\/2020\/05\/15\/yoga-prenatal-en-linea\/\"\n                        title=\"Yoga Prenatal en l\u00ednea\">Yoga Prenatal en l\u00ednea<\/a><\/h2>\n<\/header>\n<p>Danatal ofrece un fabuloso programa ONLINE de Yoga Prenatal y&#8230;<\/p>\n<p><a\n                            href=\"https:\/\/www.danatal.com\/site\/2020\/05\/15\/yoga-prenatal-en-linea\/\"\n                           >Leer M\u00e1s<\/a><br \/>\n    <\/article>\n<article data-id=\"1378\">\n            <a href=\"https:\/\/www.danatal.com\/site\/2020\/04\/29\/curso-prenatal-psicoprofilactico-en-linea\/\"><\/a><br \/>\n                <img width=\"300\" height=\"232\" src=\"https:\/\/www.danatal.com\/site\/wp-content\/uploads\/2020\/04\/Captura-de-pantalla-2020-04-29-a-las-18.16.02-300x232.png\" alt=\"\" loading=\"lazy\" srcset=\"https:\/\/www.danatal.com\/site\/wp-content\/uploads\/2020\/04\/Captura-de-pantalla-2020-04-29-a-las-18.16.02-300x232.png 300w, https:\/\/www.danatal.com\/site\/wp-content\/uploads\/2020\/04\/Captura-de-pantalla-2020-04-29-a-las-18.16.02-600x463.png 600w, https:\/\/www.danatal.com\/site\/wp-content\/uploads\/2020\/04\/Captura-de-pantalla-2020-04-29-a-las-18.16.02-480x371.png 480w, https:\/\/www.danatal.com\/site\/wp-content\/uploads\/2020\/04\/Captura-de-pantalla-2020-04-29-a-las-18.16.02.png 668w\" sizes=\"(max-width: 300px) 100vw, 300px\" \/><\/p>\n<header>\n<h2><a\n                        href=\"https:\/\/www.danatal.com\/site\/2020\/04\/29\/curso-prenatal-psicoprofilactico-en-linea\/\"\n                        title=\"Curso Prenatal  (Psicoprofil\u00e1ctico) en l\u00ednea\">Curso Prenatal  (Psicoprofil\u00e1ctico) en l\u00ednea<\/a><\/h2>\n<\/header>\n<p>Debido a la contingencia por COVID19, nuestras actividades este verano&#8230;<\/p>\n<p><a\n                            href=\"https:\/\/www.danatal.com\/site\/2020\/04\/29\/curso-prenatal-psicoprofilactico-en-linea\/\"\n                           >Leer M\u00e1s<\/a><br \/>\n    <\/article>\n<article data-id=\"1292\">\n            <a href=\"https:\/\/www.danatal.com\/site\/2019\/11\/19\/alternativas-naturales-para-molestias-comunes-del-embarazo-consulta-a-tu-medico\/\"><\/a><br \/>\n                <img width=\"300\" height=\"206\" src=\"https:\/\/www.danatal.com\/site\/wp-content\/uploads\/2019\/11\/Captura-de-pantalla-2019-11-19-a-las-19.47.10-300x206.png\" alt=\"\" loading=\"lazy\" srcset=\"https:\/\/www.danatal.com\/site\/wp-content\/uploads\/2019\/11\/Captura-de-pantalla-2019-11-19-a-las-19.47.10-300x206.png 300w, https:\/\/www.danatal.com\/site\/wp-content\/uploads\/2019\/11\/Captura-de-pantalla-2019-11-19-a-las-19.47.10-480x330.png 480w, https:\/\/www.danatal.com\/site\/wp-content\/uploads\/2019\/11\/Captura-de-pantalla-2019-11-19-a-las-19.47.10.png 589w\" sizes=\"(max-width: 300px) 100vw, 300px\" \/><\/p>\n<header>\n<h2><a\n                        href=\"https:\/\/www.danatal.com\/site\/2019\/11\/19\/alternativas-naturales-para-molestias-comunes-del-embarazo-consulta-a-tu-medico\/\"\n                        title=\"Alternativas naturales para molestias comunes del embarazo (consulta a tu m\u00e9dico)\">Alternativas naturales para molestias comunes del embarazo (consulta a tu m\u00e9dico)<\/a><\/h2>\n<\/header>\n<p>N\u00c1USEA: Prevenir Hay una conexi\u00f3n entre la n\u00e1usea en el&#8230;<\/p>\n<p><a\n                            href=\"https:\/\/www.danatal.com\/site\/2019\/11\/19\/alternativas-naturales-para-molestias-comunes-del-embarazo-consulta-a-tu-medico\/\"\n                           >Leer M\u00e1s<\/a><br \/>\n    <\/article>\n<article data-id=\"1288\">\n            <a href=\"https:\/\/www.danatal.com\/site\/2019\/11\/19\/la-importancia-de-la-fase-temprana-de-labor\/\"><\/a><br \/>\n                <img width=\"300\" height=\"168\" src=\"https:\/\/www.danatal.com\/site\/wp-content\/uploads\/2019\/11\/Captura-de-pantalla-2019-11-19-a-las-19.07.09-300x168.png\" alt=\"\" loading=\"lazy\" srcset=\"https:\/\/www.danatal.com\/site\/wp-content\/uploads\/2019\/11\/Captura-de-pantalla-2019-11-19-a-las-19.07.09-300x168.png 300w, https:\/\/www.danatal.com\/site\/wp-content\/uploads\/2019\/11\/Captura-de-pantalla-2019-11-19-a-las-19.07.09-480x269.png 480w, https:\/\/www.danatal.com\/site\/wp-content\/uploads\/2019\/11\/Captura-de-pantalla-2019-11-19-a-las-19.07.09.png 488w\" sizes=\"(max-width: 300px) 100vw, 300px\" \/><\/p>\n<header>\n<h2><a\n                        href=\"https:\/\/www.danatal.com\/site\/2019\/11\/19\/la-importancia-de-la-fase-temprana-de-labor\/\"\n                        title=\"La importancia de la Fase Temprana de Labor\">La importancia de la Fase Temprana de Labor<\/a><\/h2>\n<\/header>\n<p>Compartimos este importante texto, que a su vez comparti\u00f3 nuestra&#8230;<\/p>\n<p><a\n                            href=\"https:\/\/www.danatal.com\/site\/2019\/11\/19\/la-importancia-de-la-fase-temprana-de-labor\/\"\n                           >Leer M\u00e1s<\/a><br \/>\n    <\/article>\n<article data-id=\"1265\">\n<header>\n<h2><a\n                        href=\"https:\/\/www.danatal.com\/site\/2019\/10\/31\/alternativas-naturales-que-favorecen-que-el-trabajo-de-parto-inicie-por-si-solo-2\/\"\n                        title=\"Alternativas naturales que favorecen que el trabajo de parto inicie por s\u00ed solo\">Alternativas naturales que favorecen que el trabajo de parto inicie por s\u00ed solo<\/a><\/h2>\n<\/header>\n<p>* No todas estas t\u00e9cnicas est\u00e1n comprobadas cient\u00edficamente. Este mailing&#8230;<\/p>\n<p><a\n                            href=\"https:\/\/www.danatal.com\/site\/2019\/10\/31\/alternativas-naturales-que-favorecen-que-el-trabajo-de-parto-inicie-por-si-solo-2\/\"\n                           >Leer M\u00e1s<\/a><br \/>\n    <\/article>\n<article data-id=\"1251\">\n<header>\n<h2><a\n                        href=\"https:\/\/www.danatal.com\/site\/2019\/10\/31\/sexualidad-durante-el-embarazo\/\"\n                        title=\"Sexualidad durante el embarazo\">Sexualidad durante el embarazo<\/a><\/h2>\n<\/header>\n<p>Un estudio encontr\u00f3 que la actividad sexual durante el embarazo&#8230;<\/p>\n<p><a\n                            href=\"https:\/\/www.danatal.com\/site\/2019\/10\/31\/sexualidad-durante-el-embarazo\/\"\n                           >Leer M\u00e1s<\/a><br \/>\n    <\/article>\n<article data-id=\"1150\">\n<header>\n<h2><a\n                        href=\"https:\/\/www.danatal.com\/site\/2019\/07\/22\/curso-psicoprofilactico-2\/\"\n                        title=\"Curso Psicoprofil\u00e1ctico\">Curso Psicoprofil\u00e1ctico<\/a><\/h2>\n<\/header>\n<p>Para leer los detalles de los pr\u00f3ximos cursos psicoprofil\u00e1cticos, haz&#8230;<\/p>\n<p><a\n                            href=\"https:\/\/www.danatal.com\/site\/2019\/07\/22\/curso-psicoprofilactico-2\/\"\n                           >Leer M\u00e1s<\/a><br \/>\n    <\/article>\n<article data-id=\"973\">\n            <a href=\"https:\/\/www.danatal.com\/site\/2019\/03\/13\/el-sueno-del-bebe\/\"><\/a><br \/>\n                <img width=\"300\" height=\"193\" src=\"https:\/\/www.danatal.com\/site\/wp-content\/uploads\/2019\/03\/Captura-de-pantalla-2019-03-13-a-las-19.11.36-300x193.png\" alt=\"\" loading=\"lazy\" srcset=\"https:\/\/www.danatal.com\/site\/wp-content\/uploads\/2019\/03\/Captura-de-pantalla-2019-03-13-a-las-19.11.36-300x193.png 300w, https:\/\/www.danatal.com\/site\/wp-content\/uploads\/2019\/03\/Captura-de-pantalla-2019-03-13-a-las-19.11.36-600x387.png 600w, https:\/\/www.danatal.com\/site\/wp-content\/uploads\/2019\/03\/Captura-de-pantalla-2019-03-13-a-las-19.11.36.png 723w\" sizes=\"(max-width: 300px) 100vw, 300px\" \/><\/p>\n<header>\n<h2><a\n                        href=\"https:\/\/www.danatal.com\/site\/2019\/03\/13\/el-sueno-del-bebe\/\"\n                        title=\"El sue\u00f1o del beb\u00e9\">El sue\u00f1o del beb\u00e9<\/a><\/h2>\n<\/header>\n<p>El sue\u00f1o, o m\u00e1s bien, la falta del mismo, es&#8230;<\/p>\n<p><a\n                            href=\"https:\/\/www.danatal.com\/site\/2019\/03\/13\/el-sueno-del-bebe\/\"\n                           >Leer M\u00e1s<\/a><br \/>\n    <\/article>\n<article data-id=\"969\">\n            <a href=\"https:\/\/www.danatal.com\/site\/2019\/02\/27\/extraerse-la-leche-la-mejor-guia-para-que-todo-salga-bien\/\"><\/a><br \/>\n                <img width=\"300\" height=\"163\" src=\"https:\/\/www.danatal.com\/site\/wp-content\/uploads\/2019\/02\/Captura-de-pantalla-2019-02-27-a-las-22.50.15-300x163.png\" alt=\"\" loading=\"lazy\" srcset=\"https:\/\/www.danatal.com\/site\/wp-content\/uploads\/2019\/02\/Captura-de-pantalla-2019-02-27-a-las-22.50.15-300x163.png 300w, https:\/\/www.danatal.com\/site\/wp-content\/uploads\/2019\/02\/Captura-de-pantalla-2019-02-27-a-las-22.50.15-600x326.png 600w, https:\/\/www.danatal.com\/site\/wp-content\/uploads\/2019\/02\/Captura-de-pantalla-2019-02-27-a-las-22.50.15.png 660w\" sizes=\"(max-width: 300px) 100vw, 300px\" \/><\/p>\n<header>\n<h2><a\n                        href=\"https:\/\/www.danatal.com\/site\/2019\/02\/27\/extraerse-la-leche-la-mejor-guia-para-que-todo-salga-bien\/\"\n                        title=\"Extraerse la leche: la mejor gu\u00eda para que todo salga bien!\">Extraerse la leche: la mejor gu\u00eda para que todo salga bien!<\/a><\/h2>\n<\/header>\n<p>Escrito por Genevieve Howland, en la p\u00e1gina www.mamanatural.com La leche&#8230;<\/p>\n<p><a\n                            href=\"https:\/\/www.danatal.com\/site\/2019\/02\/27\/extraerse-la-leche-la-mejor-guia-para-que-todo-salga-bien\/\"\n                           >Leer M\u00e1s<\/a><br \/>\n    <\/article>\n<article data-id=\"841\">\n            <a href=\"https:\/\/www.danatal.com\/site\/2018\/09\/18\/alternativas-naturales-que-favorecen-que-el-trabajo-de-parto-inicie-por-si-solo\/\"><\/a><br \/>\n                <img width=\"282\" height=\"300\" src=\"https:\/\/www.danatal.com\/site\/wp-content\/uploads\/2018\/09\/Captura-de-pantalla-2018-09-18-a-las-15.36.33-282x300.png\" alt=\"\" loading=\"lazy\" srcset=\"https:\/\/www.danatal.com\/site\/wp-content\/uploads\/2018\/09\/Captura-de-pantalla-2018-09-18-a-las-15.36.33-282x300.png 282w, https:\/\/www.danatal.com\/site\/wp-content\/uploads\/2018\/09\/Captura-de-pantalla-2018-09-18-a-las-15.36.33.png 487w\" sizes=\"(max-width: 282px) 100vw, 282px\" \/><\/p>\n<header>\n<h2><a\n                        href=\"https:\/\/www.danatal.com\/site\/2018\/09\/18\/alternativas-naturales-que-favorecen-que-el-trabajo-de-parto-inicie-por-si-solo\/\"\n                        title=\"Alternativas naturales que favorecen que el trabajo de parto inicie por s\u00ed solo\">Alternativas naturales que favorecen que el trabajo de parto inicie por s\u00ed solo<\/a><\/h2>\n<\/header>\n<p>No todas estas t\u00e9cnicas est\u00e1n comprobadas cient\u00edficamente. Esta nota es&#8230;<\/p>\n<p><a\n                            href=\"https:\/\/www.danatal.com\/site\/2018\/09\/18\/alternativas-naturales-que-favorecen-que-el-trabajo-de-parto-inicie-por-si-solo\/\"\n                           >Leer M\u00e1s<\/a><br \/>\n    <\/article>\n<p>                <button id=\"eael-load-more-btn-ee72434\" data-widget-id=\"ee72434\" data-widget=\"ee72434\" data-page-id=\"67\" data-nonce=\"299409f13c\" data-template=\"{&quot;dir&quot;:&quot;lite&quot;,&quot;file_name&quot;:&quot;default.php&quot;,&quot;name&quot;:&quot;Post-Grid&quot;}\" data-class=\"Essential_Addons_ElementorElementsPost_Grid\" data-layout=\"masonry\" data-page=\"1\" data-args=\"orderby=date&amp;order=desc&amp;ignore_sticky_posts=1&amp;post_status=publish&amp;posts_per_page=12&amp;offset=0&amp;post_type=post\" data-max-page=\"4\"><br \/>\n                    Ver m\u00e1s Posts<br \/>\n                <\/button><br \/>\n\t\t\t\t\t\t\t\t\t\t\t\t\t\t\t<img width=\"470\" height=\"379\" src=\"https:\/\/www.danatal.com\/site\/wp-content\/uploads\/2021\/11\/DANATAL_LOGONacimientosenarmonia-footer.png\" alt=\"\" loading=\"lazy\" srcset=\"https:\/\/www.danatal.com\/site\/wp-content\/uploads\/2021\/11\/DANATAL_LOGONacimientosenarmonia-footer.png 470w, https:\/\/www.danatal.com\/site\/wp-content\/uploads\/2021\/11\/DANATAL_LOGONacimientosenarmonia-footer-300x242.png 300w\" sizes=\"(max-width: 470px) 100vw, 470px\" \/>\t\t\t\t\t\t\t\t\t\t\t\t\t\t\t<\/p>\n<p style=\"text-align: center;\"><a href=\"https:\/\/mkt.danatal.com\/politica-de-privacidad\">Pol\u00edtica de Privacidad<\/a> | <a href=\"https:\/\/mkt.danatal.com\/terminos-y-condiciones\">T\u00e9rminos y Condiciones<\/a> | <a href=\"https:\/\/mkt.danatal.com\/politicas-de-cookies\">Cookies<\/a><\/p>\n<p>\t\t\t\t\t\t\t\t\t\t\t\t\t\t\t<img width=\"263\" height=\"36\" src=\"https:\/\/www.danatal.com\/site\/wp-content\/uploads\/2021\/11\/metodos-de-pago-danatal.png\" alt=\"\" loading=\"lazy\" \/><br \/>\n\t\tHecho con amor por <a href=\"https:\/\/www.webstyle.mx\/\" target=\"_blank\" rel=\"noopener\" style=\"color:#806da9;\">Webstyle<\/a><\/p>\n","protected":false},"excerpt":{"rendered":"<p>Blog Alternativas naturales para inducir el trabajo de parto *No todas estas t\u00e9cnicas est\u00e1n comprobadas cient\u00edficamente. Este mailing es&#8230; Leer M\u00e1s Conociendo la maternidad A eso de los 20 d\u00edas que tuve a Ananda,&#8230; Leer M\u00e1s Yoga Prenatal en l\u00ednea Danatal ofrece un fabuloso programa ONLINE de Yoga Prenatal y&#8230; Leer M\u00e1s Curso Prenatal (Psicoprofil\u00e1ctico) [&hellip;]<\/p>\n","protected":false},"author":1,"featured_media":0,"parent":0,"menu_order":0,"comment_status":"closed","ping_status":"closed","template":"elementor_header_footer","meta":[],"aioseo_notices":[],"_links":{"self":[{"href":"https:\/\/www.danatal.com\/site\/wp-json\/wp\/v2\/pages\/67"}],"collection":[{"href":"https:\/\/www.danatal.com\/site\/wp-json\/wp\/v2\/pages"}],"about":[{"href":"https:\/\/www.danatal.com\/site\/wp-json\/wp\/v2\/types\/page"}],"author":[{"embeddable":true,"href":"https:\/\/www.danatal.com\/site\/wp-json\/wp\/v2\/users\/1"}],"replies":[{"embeddable":true,"href":"https:\/\/www.danatal.com\/site\/wp-json\/wp\/v2\/comments?post=67"}],"version-history":[{"count":73,"href":"https:\/\/www.danatal.com\/site\/wp-json\/wp\/v2\/pages\/67\/revisions"}],"predecessor-version":[{"id":4065,"href":"https:\/\/www.danatal.com\/site\/wp-json\/wp\/v2\/pages\/67\/revisions\/4065"}],"wp:attachment":[{"href":"https:\/\/www.danatal.com\/site\/wp-json\/wp\/v2\/media?parent=67"}],"curies":[{"name":"wp","href":"https:\/\/api.w.org\/{rel}","templated":true}]}}